{"id":14646,"date":"2024-11-15T13:03:56","date_gmt":"2024-11-15T12:03:56","guid":{"rendered":"https:\/\/jacekplacek.com.pl\/?post_type=product&#038;p=14646"},"modified":"2025-11-18T18:31:26","modified_gmt":"2025-11-18T17:31:26","slug":"japansk-vallmofrokaka-utan-mjol","status":"publish","type":"product","link":"https:\/\/jacekplacek.com.pl\/sv\/lagra\/babki-i-makowce\/japansk-vallmofrokaka-utan-mjol\/","title":{"rendered":"Japansk vallmofr\u00f6kaka \u2013 utan mj\u00f6l"},"content":{"rendered":"<p><strong>Japansk vallmofr\u00f6kaka utan mj\u00f6l<\/strong> \u00e4r det perfekta valet f\u00f6r julbordet - h\u00e4lsosamt, l\u00e4tt, och samtidigt fullt av traditionella smaker som f\u00f6rknippas med v\u00e4rme och en familj\u00e4r atmosf\u00e4r. Den \u00e4r ocks\u00e5 perfekt som efterr\u00e4tt f\u00f6r speciella tillf\u00e4llen eller som en s\u00f6t upplevelse med en kopp kaffe eller te. Njut av semestern med denna unika bakning som kombinerar enkelhet och sofistikering!<\/p>\n<p>Grunden i denna vallmofr\u00f6kaka \u00e4r vallmofr\u00f6n som ger den en rik, lite n\u00f6taktig karakt\u00e4r. Subtil s\u00f6tma, erh\u00e5llen tack vare naturliga ingredienser, framh\u00e4ver smaken av vallmofr\u00f6n, och en delikat vaniljton fullbordar helheten. Dekorerad med l\u00e4tt chokladglasyr eller ett st\u00e4nk av str\u00f6socker, ser vallmofr\u00f6kakan elegant och aptitlig ut.<\/p>","protected":false},"excerpt":{"rendered":"<p><span data-sheets-root=\"1\">Fuktig, fluffig vallmofr\u00f6kaka med torkad frukt, \u00e4pplen, hirsmj\u00f6l och stark mandelarom. V\u00e5rt recept inneh\u00e5ller inte mj\u00f6l, s\u00e5 det \u00e4r v\u00e4nligt f\u00f6r m\u00e4nniskor som undviker gluten.<\/span><\/p>","protected":false},"featured_media":14657,"comment_status":"closed","ping_status":"closed","template":"","meta":{"content-type":""},"product_brand":[],"product_cat":[81,907],"product_tag":[557,866,868,867,99,854,444,446,445,449,141,865],"class_list":{"0":"post-14646","1":"product","2":"type-product","3":"status-publish","4":"has-post-thumbnail","6":"product_cat-babki-i-makowce","7":"product_cat-ciasta-swiateczne","8":"product_tag-ciasto-bez-maki","9":"product_tag-ciasto-bezglutenowe","10":"product_tag-ciasto-boze-narodzenie","11":"product_tag-ciasto-specjalistyczne","12":"product_tag-ciasto-swiateczne","13":"product_tag-cukiernia-gdansk","14":"product_tag-cukiernia-jacek-placek","15":"product_tag-jacek-placek-gdansk","16":"product_tag-jacek-placek-gowino","17":"product_tag-jacek-placek-sopot","18":"product_tag-makowiec","19":"product_tag-makowiec-japonski","21":"entry","22":"has-media","24":"first","25":"instock","26":"shipping-taxable","27":"product-type-variable","28":"has-product-nav","29":"col","30":"span_1_of_4","31":"owp-content-center","32":"owp-thumbs-layout-horizontal","33":"owp-btn-normal","34":"owp-tabs-layout-horizontal"},"acf":[],"_links":{"self":[{"href":"https:\/\/jacekplacek.com.pl\/sv\/wp-json\/wp\/v2\/product\/14646","targetHints":{"allow":["GET"]}}],"collection":[{"href":"https:\/\/jacekplacek.com.pl\/sv\/wp-json\/wp\/v2\/product"}],"about":[{"href":"https:\/\/jacekplacek.com.pl\/sv\/wp-json\/wp\/v2\/types\/product"}],"replies":[{"embeddable":true,"href":"https:\/\/jacekplacek.com.pl\/sv\/wp-json\/wp\/v2\/comments?post=14646"}],"wp:featuredmedia":[{"embeddable":true,"href":"https:\/\/jacekplacek.com.pl\/sv\/wp-json\/wp\/v2\/media\/14657"}],"wp:attachment":[{"href":"https:\/\/jacekplacek.com.pl\/sv\/wp-json\/wp\/v2\/media?parent=14646"}],"wp:term":[{"taxonomy":"product_brand","embeddable":true,"href":"https:\/\/jacekplacek.com.pl\/sv\/wp-json\/wp\/v2\/product_brand?post=14646"},{"taxonomy":"product_cat","embeddable":true,"href":"https:\/\/jacekplacek.com.pl\/sv\/wp-json\/wp\/v2\/product_cat?post=14646"},{"taxonomy":"product_tag","embeddable":true,"href":"https:\/\/jacekplacek.com.pl\/sv\/wp-json\/wp\/v2\/product_tag?post=14646"}],"curies":[{"name":"wp","href":"https:\/\/api.w.org\/{rel}","templated":true}]}}