{"id":10987,"date":"2023-10-26T12:14:42","date_gmt":"2023-10-26T10:14:42","guid":{"rendered":"https:\/\/jacekplacek.com.pl\/?post_type=product&#038;p=10987"},"modified":"2025-11-18T18:30:48","modified_gmt":"2025-11-18T17:30:48","slug":"kaka-bueno-2","status":"publish","type":"product","link":"https:\/\/jacekplacek.com.pl\/sv\/lagra\/torty_i_desery\/kakor-2\/kaka-bueno-2\/","title":{"rendered":"bueno t\u00e5rta"},"content":{"rendered":"<p><strong>Vi presenterar Bueno Cake - en kombination av delikat vit chokladkr\u00e4m och knapriga hasseln\u00f6tter. <\/strong><\/p>\n<p><span style=\"font-weight: 400;\">V\u00e5r version av denna popul\u00e4ra t\u00e5rta \u00e4r en riktig festm\u00e5ltid f\u00f6r gommen. Vad g\u00f6r att det sticker ut? Det faktum att det inte \u00e4r alltf\u00f6r s\u00f6tt g\u00f6r det till ett idealiskt alternativ f\u00f6r barn som \u00e4lskar denna unika smaksammans\u00e4ttning.<strong> Vi bjuder in dig till v\u00e5r konfektyrbutik f\u00f6r att uppt\u00e4cka varf\u00f6r Bueno Cake har blivit favoritdessert f\u00f6r m\u00e5nga gourmeter!<\/strong><\/span><\/p>\n<p><span style=\"font-weight: 400;\">Vi uppmuntrar dig att best\u00e4lla en t\u00e5rta i form av en g\u00e5va, med den utvalda <\/span><b>gratulationskort<\/b><span style=\"font-weight: 400;\"> och matchande <\/span><b>ljus<\/b><span style=\"font-weight: 400;\">.<\/span><\/p>","protected":false},"excerpt":{"rendered":"<p><span style=\"font-weight: 400;\">V\u00e5r variant av denna popul\u00e4ra t\u00e5rta \u00e4r f\u00f6rst\u00e5s en kombination av vit chokladkr\u00e4m och hasseln\u00f6tter. Kakan \u00e4r inte f\u00f6r s\u00f6t, har intressanta smaker och barnen \u00e4lskar den!<\/span><\/p>","protected":false},"featured_media":11010,"comment_status":"closed","ping_status":"closed","template":"","meta":{"content-type":""},"product_brand":[],"product_cat":[123],"product_tag":[761,166,290,730,733,731,732,734],"class_list":{"0":"post-10987","1":"product","2":"type-product","3":"status-publish","4":"has-post-thumbnail","6":"product_cat-torty","7":"product_tag-bueno","8":"product_tag-tort","9":"product_tag-tort-bueno","10":"product_tag-tort-na-urodziny","11":"product_tag-tort-naturalny","12":"product_tag-tort-urodzinowy","13":"product_tag-torty-naturalne","14":"product_tag-zdrowy-sklad","16":"entry","17":"has-media","19":"first","20":"instock","21":"shipping-taxable","22":"product-type-variable","23":"has-product-nav","24":"col","25":"span_1_of_4","26":"owp-content-center","27":"owp-thumbs-layout-horizontal","28":"owp-btn-normal","29":"owp-tabs-layout-horizontal"},"acf":[],"_links":{"self":[{"href":"https:\/\/jacekplacek.com.pl\/sv\/wp-json\/wp\/v2\/product\/10987","targetHints":{"allow":["GET"]}}],"collection":[{"href":"https:\/\/jacekplacek.com.pl\/sv\/wp-json\/wp\/v2\/product"}],"about":[{"href":"https:\/\/jacekplacek.com.pl\/sv\/wp-json\/wp\/v2\/types\/product"}],"replies":[{"embeddable":true,"href":"https:\/\/jacekplacek.com.pl\/sv\/wp-json\/wp\/v2\/comments?post=10987"}],"wp:featuredmedia":[{"embeddable":true,"href":"https:\/\/jacekplacek.com.pl\/sv\/wp-json\/wp\/v2\/media\/11010"}],"wp:attachment":[{"href":"https:\/\/jacekplacek.com.pl\/sv\/wp-json\/wp\/v2\/media?parent=10987"}],"wp:term":[{"taxonomy":"product_brand","embeddable":true,"href":"https:\/\/jacekplacek.com.pl\/sv\/wp-json\/wp\/v2\/product_brand?post=10987"},{"taxonomy":"product_cat","embeddable":true,"href":"https:\/\/jacekplacek.com.pl\/sv\/wp-json\/wp\/v2\/product_cat?post=10987"},{"taxonomy":"product_tag","embeddable":true,"href":"https:\/\/jacekplacek.com.pl\/sv\/wp-json\/wp\/v2\/product_tag?post=10987"}],"curies":[{"name":"wp","href":"https:\/\/api.w.org\/{rel}","templated":true}]}}