{"id":10987,"date":"2023-10-26T12:14:42","date_gmt":"2023-10-26T10:14:42","guid":{"rendered":"https:\/\/jacekplacek.com.pl\/?post_type=product&#038;p=10987"},"modified":"2025-11-18T18:30:48","modified_gmt":"2025-11-18T17:30:48","slug":"pastel-bueno-2","status":"publish","type":"product","link":"https:\/\/jacekplacek.com.pl\/es\/almacenar\/torty_i_desery\/tortas\/pastel-bueno-2\/","title":{"rendered":"pastel bueno"},"content":{"rendered":"<p><strong>Te presentamos el Pastel Bueno, una combinaci\u00f3n de delicada crema de chocolate blanco y crujientes de avellanas. <\/strong><\/p>\n<p><span style=\"font-weight: 400;\">Nuestra versi\u00f3n de esta popular tarta es un aut\u00e9ntico fest\u00edn para el paladar. \u00bfQu\u00e9 lo hace destacar? El hecho de que no sea demasiado dulce lo convierte en una opci\u00f3n ideal para los ni\u00f1os que aman esta composici\u00f3n \u00fanica de sabores.<strong> \u00a1Te invitamos a nuestra reposter\u00eda a descubrir por qu\u00e9 la Tarta Bueno se ha convertido en el postre favorito de muchos gourmets!<\/strong><\/span><\/p>\n<p><span style=\"font-weight: 400;\">Os animamos a encargar una tarta en forma de regalo, con el elegido <\/span><b>tarjeta de felicitaci\u00f3n<\/b><span style=\"font-weight: 400;\"> y a juego <\/span><b>velas<\/b><span style=\"font-weight: 400;\">.<\/span><\/p>","protected":false},"excerpt":{"rendered":"<p><span style=\"font-weight: 400;\">Nuestra versi\u00f3n de este popular bizcocho es, por supuesto, una combinaci\u00f3n de crema de chocolate blanco y avellanas. El pastel no es demasiado dulce, tiene sabores interesantes y \u00a1a los ni\u00f1os les encanta!<\/span><\/p>","protected":false},"featured_media":11010,"comment_status":"closed","ping_status":"closed","template":"","meta":{"content-type":""},"product_brand":[],"product_cat":[123],"product_tag":[761,166,290,730,733,731,732,734],"class_list":{"0":"post-10987","1":"product","2":"type-product","3":"status-publish","4":"has-post-thumbnail","6":"product_cat-torty","7":"product_tag-bueno","8":"product_tag-tort","9":"product_tag-tort-bueno","10":"product_tag-tort-na-urodziny","11":"product_tag-tort-naturalny","12":"product_tag-tort-urodzinowy","13":"product_tag-torty-naturalne","14":"product_tag-zdrowy-sklad","16":"entry","17":"has-media","19":"first","20":"instock","21":"shipping-taxable","22":"product-type-variable","23":"has-product-nav","24":"col","25":"span_1_of_4","26":"owp-content-center","27":"owp-thumbs-layout-horizontal","28":"owp-btn-normal","29":"owp-tabs-layout-horizontal"},"acf":[],"_links":{"self":[{"href":"https:\/\/jacekplacek.com.pl\/es\/wp-json\/wp\/v2\/product\/10987","targetHints":{"allow":["GET"]}}],"collection":[{"href":"https:\/\/jacekplacek.com.pl\/es\/wp-json\/wp\/v2\/product"}],"about":[{"href":"https:\/\/jacekplacek.com.pl\/es\/wp-json\/wp\/v2\/types\/product"}],"replies":[{"embeddable":true,"href":"https:\/\/jacekplacek.com.pl\/es\/wp-json\/wp\/v2\/comments?post=10987"}],"wp:featuredmedia":[{"embeddable":true,"href":"https:\/\/jacekplacek.com.pl\/es\/wp-json\/wp\/v2\/media\/11010"}],"wp:attachment":[{"href":"https:\/\/jacekplacek.com.pl\/es\/wp-json\/wp\/v2\/media?parent=10987"}],"wp:term":[{"taxonomy":"product_brand","embeddable":true,"href":"https:\/\/jacekplacek.com.pl\/es\/wp-json\/wp\/v2\/product_brand?post=10987"},{"taxonomy":"product_cat","embeddable":true,"href":"https:\/\/jacekplacek.com.pl\/es\/wp-json\/wp\/v2\/product_cat?post=10987"},{"taxonomy":"product_tag","embeddable":true,"href":"https:\/\/jacekplacek.com.pl\/es\/wp-json\/wp\/v2\/product_tag?post=10987"}],"curies":[{"name":"wp","href":"https:\/\/api.w.org\/{rel}","templated":true}]}}